{"id":923,"date":"2017-04-20T09:35:51","date_gmt":"2017-04-20T09:35:51","guid":{"rendered":"http:\/\/centrebertrandgruss.com\/WordPress4\/?page_id=923"},"modified":"2024-11-27T16:40:51","modified_gmt":"2024-11-27T16:40:51","slug":"progetti","status":"publish","type":"page","link":"https:\/\/centrebertrandgruss.com\/WordPress4\/?page_id=923&lang=it","title":{"rendered":"Progetti"},"content":{"rendered":"\n<div id=\"cornice01main\">\n<div id=\"cornice02main\">\n<style type='text\/css' media='all'>#rt-tpg-container-3320854983 .rt-holder .rt-woo-info .price{color:#0367bf;}body .rt-tpg-container .rt-tpg-isotope-buttons .selected,\n\t\t\t\t\t#rt-tpg-container-3320854983 .layout12 .rt-holder:hover .rt-detail,\n\t\t\t\t\t#rt-tpg-container-3320854983 .isotope8 .rt-holder:hover .rt-detail,\n\t\t\t\t\t#rt-tpg-container-3320854983 .carousel8 .rt-holder:hover .rt-detail,\n\t\t\t\t\t#rt-tpg-container-3320854983 .layout13 .rt-holder .overlay .post-info,\n\t\t\t\t\t#rt-tpg-container-3320854983 .isotope9 .rt-holder .overlay .post-info,\n\t\t\t\t\t#rt-tpg-container-3320854983.rt-tpg-container .layout4 .rt-holder .rt-detail,\n\t\t\t\t\t.rt-modal-3320854983 .md-content,\n\t\t\t\t\t.rt-modal-3320854983 .md-content > .rt-md-content-holder .rt-md-content,\n\t\t\t\t\t.rt-popup-wrap-3320854983.rt-popup-wrap .rt-popup-navigation-wrap,\n\t\t\t\t\t#rt-tpg-container-3320854983 .carousel9 .rt-holder .overlay .post-info{background-color:#0367bf;}#rt-tpg-container-3320854983 .layout5 .rt-holder .overlay, #rt-tpg-container-3320854983 .isotope2 .rt-holder .overlay, #rt-tpg-container-3320854983 .carousel2 .rt-holder .overlay,#rt-tpg-container-3320854983 .layout15 .rt-holder h3, #rt-tpg-container-3320854983 .isotope11 .rt-holder h3, #rt-tpg-container-3320854983 .carousel11 .rt-holder h3, #rt-tpg-container-3320854983 .layout16 .rt-holder h3,\n\t\t\t\t\t#rt-tpg-container-3320854983 .isotope12 .rt-holder h3, #rt-tpg-container-3320854983 .carousel12 .rt-holder h3 {background-color:rgba(3,103,191,0.8);}#rt-tpg-container-3320854983 .read-more a{border-radius:px;}#rt-tpg-container-3320854983 .rt-img-holder img.rt-img-responsive,#rt-tpg-container-3320854983 .rt-img-holder,\n\t\t\t\t\t#rt-tpg-container-3320854983 .rt-post-overlay .post-img,\n\t\t\t\t\t#rt-tpg-container-3320854983 .post-sm .post-img,\n\t\t\t\t\t#rt-tpg-container-3320854983 .rt-post-grid .post-img,\n\t\t\t\t\t#rt-tpg-container-3320854983 .post-img img {border-radius:px;}#rt-tpg-container-3320854983 .layout1 .rt-holder h2.entry-title,\n\t\t\t\t\t#rt-tpg-container-3320854983 .layout1 .rt-holder h3.entry-title,\n\t\t\t\t\t#rt-tpg-container-3320854983 .layout1 .rt-holder h4.entry-title,\n\t\t\t\t\t#rt-tpg-container-3320854983 .layout1 .rt-holder h2.entry-title a,\n\t\t\t\t\t#rt-tpg-container-3320854983 .layout1 .rt-holder h3.entry-title a,\n\t\t\t\t\t#rt-tpg-container-3320854983 .layout1 .rt-holder h4.entry-title a,\n\t\t\t\t\t#rt-tpg-container-3320854983 .rt-holder .rt-woo-info h2 a,\n\t\t\t\t\t#rt-tpg-container-3320854983 .rt-holder .rt-woo-info h3 a,\n\t\t\t\t\t#rt-tpg-container-3320854983 .rt-holder .rt-woo-info h4 a,\n\t\t\t\t\t#rt-tpg-container-3320854983 .post-content .post-title,\n\t\t\t\t\t#rt-tpg-container-3320854983 .rt-post-grid .post-title,\n\t\t\t\t\t#rt-tpg-container-3320854983 .rt-post-grid .post-title a,\n\t\t\t\t\t#rt-tpg-container-3320854983 .post-content .post-title a,\n\t\t\t\t\t#rt-tpg-container-3320854983 .rt-holder .rt-woo-info h2,\n\t\t\t\t\t#rt-tpg-container-3320854983 .rt-holder .rt-woo-info h3,\n\t\t\t\t\t#rt-tpg-container-3320854983 .rt-holder .rt-woo-info h4{color:#1e1e1e;font-size:13px;line-height:23px;}#rt-tpg-container-3320854983 .post-grid-lg-style-1 .post-title,\n\t\t\t\t\t\t#rt-tpg-container-3320854983 .post-grid-lg-style-1 .post-title a,\n\t\t\t\t\t\t#rt-tpg-container-3320854983 .big-layout .post-title,\n\t\t\t\t\t\t#rt-tpg-container-3320854983 .big-layout .post-title a,\n\t\t\t\t\t\t#rt-tpg-container-3320854983 .post-grid-lg-style-1 .post-title,\n\t\t\t\t\t\t#rt-tpg-container-3320854983 .post-grid-lg-style-1 .post-title a {font-size:21px;line-height:31px;}#rt-tpg-container-3320854983 .layout1 .rt-holder h2.entry-title:hover,\n\t\t\t\t\t#rt-tpg-container-3320854983 .layout1 .rt-holder h3.entry-title:hover,\n\t\t\t\t\t#rt-tpg-container-3320854983 .layout1 .rt-holder h4.entry-title:hover,\n\t\t\t\t\t#rt-tpg-container-3320854983 .layout1 .rt-holder h2.entry-title a:hover,\n\t\t\t\t\t#rt-tpg-container-3320854983 .layout1 .rt-holder h3.entry-title a:hover,\n\t\t\t\t\t#rt-tpg-container-3320854983 .layout1 .rt-holder h4.entry-title a:hover,\n\t\t\t\t\t#rt-tpg-container-3320854983 .post-content .post-title a:hover,\n\t\t\t\t\t#rt-tpg-container-3320854983 .rt-post-grid .post-title a:hover,\n\t\t\t\t\t#rt-tpg-container-3320854983 .rt-holder .rt-woo-info h2 a:hover,\n\t\t\t\t\t#rt-tpg-container-3320854983 .rt-holder .rt-woo-info h3 a:hover,\n\t\t\t\t\t#rt-tpg-container-3320854983 .rt-holder .rt-woo-info h4 a:hover,\n\t\t\t\t\t#rt-tpg-container-3320854983 .rt-holder .rt-woo-info h2:hover,\n\t\t\t\t\t#rt-tpg-container-3320854983 .rt-holder .rt-woo-info h3:hover,\n\t\t\t\t\t#rt-tpg-container-3320854983 .rt-holder .rt-woo-info h4:hover{color:#f04d44 !important;}<\/style><div class='rt-container-fluid rt-tpg-container tpg-shortcode-main-wrapper ' id='rt-tpg-container-3320854983'   data-layout='layout1' data-grid-style='even' data-desktop-col='3'  data-tab-col='2'  data-mobile-col='1' data-sc-id='2158'><div data-title='Loading ...' class='rt-row rt-content-loader   layout1 tpg-even '><div class=\"rt-col-md-4 rt-col-sm-6 rt-col-xs-12 even-grid-item rt-grid-item img_zoom_in\" data-id=\"2091\"><div class=\"rt-holder\"><div class=\"rt-img-holder\"><a data-id=\"2091\" class=\"\" href=\"https:\/\/centrebertrandgruss.com\/WordPress4\/?p=2091\"><img loading=\"lazy\" decoding=\"async\" width=\"1058\" height=\"1497\" src=\"https:\/\/centrebertrandgruss.com\/WordPress4\/wp-content\/uploads\/2023\/05\/UN-COURT-METRAGE-A-PARIS-pdf.jpg\" class=\"rt-img-responsive \" alt=\"thumbnail of UN-COURT-METRAGE-A-PARIS\" \/><\/a><\/div><div class='rt-detail'><h4 class=\"entry-title\"><a data-id=\"2091\" class=\"\" href=\"https:\/\/centrebertrandgruss.com\/WordPress4\/?p=2091\">Un court m\u00e9trage \u00e0 Paris-Stage d&#8217;\u00e9t\u00e9<\/a><\/h4><\/div><\/div><\/div><div class=\"rt-col-md-4 rt-col-sm-6 rt-col-xs-12 even-grid-item rt-grid-item img_zoom_in\" data-id=\"2083\"><div class=\"rt-holder\"><div class=\"rt-img-holder\"><a data-id=\"2083\" class=\"\" href=\"https:\/\/centrebertrandgruss.com\/WordPress4\/?p=2083\"><img loading=\"lazy\" decoding=\"async\" width=\"1058\" height=\"1497\" src=\"https:\/\/centrebertrandgruss.com\/WordPress4\/wp-content\/uploads\/2023\/05\/UN-CORTO-A-PARIGI-ESTATE-2023-pdf.jpg\" class=\"rt-img-responsive \" alt=\"thumbnail of UN-CORTO-A-PARIGI-ESTATE-2023\" \/><\/a><\/div><div class='rt-detail'><h4 class=\"entry-title\"><a data-id=\"2083\" class=\"\" href=\"https:\/\/centrebertrandgruss.com\/WordPress4\/?p=2083\">UN CORTO A PARIGI-STAGE ESTATE 2023<\/a><\/h4><\/div><\/div><\/div><div class=\"rt-col-md-4 rt-col-sm-6 rt-col-xs-12 even-grid-item rt-grid-item img_zoom_in\" data-id=\"2071\"><div class=\"rt-holder\"><div class=\"rt-img-holder\"><a data-id=\"2071\" class=\"\" href=\"https:\/\/centrebertrandgruss.com\/WordPress4\/?p=2071\"><img loading=\"lazy\" decoding=\"async\" width=\"1058\" height=\"1497\" src=\"https:\/\/centrebertrandgruss.com\/WordPress4\/wp-content\/uploads\/2023\/04\/location-espace-pdf.jpg\" class=\"rt-img-responsive \" alt=\"thumbnail of location-espace\" \/><\/a><\/div><div class='rt-detail'><h4 class=\"entry-title\"><a data-id=\"2071\" class=\"\" href=\"https:\/\/centrebertrandgruss.com\/WordPress4\/?p=2071\">LOCATION SALLE DE R\u00c9P\u00c9TITION<\/a><\/h4><\/div><\/div><\/div><div class=\"rt-col-md-4 rt-col-sm-6 rt-col-xs-12 even-grid-item rt-grid-item img_zoom_in\" data-id=\"2068\"><div class=\"rt-holder\"><div class=\"rt-img-holder\"><a data-id=\"2068\" class=\"\" href=\"https:\/\/centrebertrandgruss.com\/WordPress4\/?p=2068\"><img loading=\"lazy\" decoding=\"async\" width=\"724\" height=\"1024\" src=\"https:\/\/centrebertrandgruss.com\/WordPress4\/wp-content\/uploads\/2023\/04\/IMG-20230420-WA0008.jpg\" class=\"rt-img-responsive \" alt=\"\" \/><\/a><\/div><div class='rt-detail'><h4 class=\"entry-title\"><a data-id=\"2068\" class=\"\" href=\"https:\/\/centrebertrandgruss.com\/WordPress4\/?p=2068\">COURS DE TH\u00c9\u00c2TRE ADOS 2023\/2024<\/a><\/h4><\/div><\/div><\/div><div class=\"rt-col-md-4 rt-col-sm-6 rt-col-xs-12 even-grid-item rt-grid-item img_zoom_in\" data-id=\"2063\"><div class=\"rt-holder\"><div class=\"rt-img-holder\"><a data-id=\"2063\" class=\"\" href=\"https:\/\/centrebertrandgruss.com\/WordPress4\/?p=2063\"><img loading=\"lazy\" decoding=\"async\" width=\"724\" height=\"1024\" src=\"https:\/\/centrebertrandgruss.com\/WordPress4\/wp-content\/uploads\/2023\/03\/IMG-20230308-WA0006.jpg\" class=\"rt-img-responsive \" alt=\"\" \/><\/a><\/div><div class='rt-detail'><h4 class=\"entry-title\"><a data-id=\"2063\" class=\"\" href=\"https:\/\/centrebertrandgruss.com\/WordPress4\/?p=2063\">Camille Claudel &#8211; Th\u00e9\u00e2tre de \u00cele Saint Louis &#8211; 30 Mars et 1 Avril 2023<\/a><\/h4><\/div><\/div><\/div><div class=\"rt-col-md-4 rt-col-sm-6 rt-col-xs-12 even-grid-item rt-grid-item img_zoom_in\" data-id=\"2019\"><div class=\"rt-holder\"><div class=\"rt-img-holder\"><a data-id=\"2019\" class=\"\" href=\"https:\/\/centrebertrandgruss.com\/WordPress4\/?p=2019\"><img loading=\"lazy\" decoding=\"async\" width=\"1058\" height=\"1497\" src=\"https:\/\/centrebertrandgruss.com\/WordPress4\/wp-content\/uploads\/2023\/01\/ATELIER-BERTRANDGRUSS-LIBRAIRIE-DE-L-AME-2-pdf.jpg\" class=\"rt-img-responsive \" alt=\"thumbnail of ATELIER-BERTRANDGRUSS-LIBRAIRIE-DE-L-AME-2\" \/><\/a><\/div><div class='rt-detail'><h4 class=\"entry-title\"><a data-id=\"2019\" class=\"\" href=\"https:\/\/centrebertrandgruss.com\/WordPress4\/?p=2019\">La Librairie de l&#8217;\u00e2me Atelier pour les familles dans le cadre du REAAP<\/a><\/h4><\/div><\/div><\/div><div class=\"rt-col-md-4 rt-col-sm-6 rt-col-xs-12 even-grid-item rt-grid-item img_zoom_in\" data-id=\"2012\"><div class=\"rt-holder\"><div class=\"rt-img-holder\"><a data-id=\"2012\" class=\"\" href=\"https:\/\/centrebertrandgruss.com\/WordPress4\/?p=2012\"><img loading=\"lazy\" decoding=\"async\" width=\"1587\" height=\"2245\" src=\"https:\/\/centrebertrandgruss.com\/WordPress4\/wp-content\/uploads\/2022\/09\/LA-VOIX-DE-L-MOTION.png\" class=\"rt-img-responsive \" alt=\"\" \/><\/a><\/div><div class='rt-detail'><h4 class=\"entry-title\"><a data-id=\"2012\" class=\"\" href=\"https:\/\/centrebertrandgruss.com\/WordPress4\/?p=2012\">LA VOIX DE L &#8216;\u00c9MOTION &#8211; COURS DE CHANT<\/a><\/h4><\/div><\/div><\/div><div class=\"rt-col-md-4 rt-col-sm-6 rt-col-xs-12 even-grid-item rt-grid-item img_zoom_in\" data-id=\"1999\"><div class=\"rt-holder\"><div class=\"rt-img-holder\"><a data-id=\"1999\" class=\"\" href=\"https:\/\/centrebertrandgruss.com\/WordPress4\/?p=1999\"><img loading=\"lazy\" decoding=\"async\" width=\"1058\" height=\"1497\" src=\"https:\/\/centrebertrandgruss.com\/WordPress4\/wp-content\/uploads\/2022\/06\/LA-LIBRAIRIE-DE-L-AME-Bertrand-GRuss-4-pdf.jpg\" class=\"rt-img-responsive \" alt=\"thumbnail of LA-LIBRAIRIE-DE-L-AME-Bertrand-GRuss\" \/><\/a><\/div><div class='rt-detail'><h4 class=\"entry-title\"><a data-id=\"1999\" class=\"\" href=\"https:\/\/centrebertrandgruss.com\/WordPress4\/?p=1999\">Les Jeudis de la LIBRAIRIE DE L&#8217;\u00c2ME<\/a><\/h4><\/div><\/div><\/div><div class=\"rt-col-md-4 rt-col-sm-6 rt-col-xs-12 even-grid-item rt-grid-item img_zoom_in\" data-id=\"1995\"><div class=\"rt-holder\"><div class=\"rt-img-holder\"><a data-id=\"1995\" class=\"\" href=\"https:\/\/centrebertrandgruss.com\/WordPress4\/?p=1995\"><img loading=\"lazy\" decoding=\"async\" width=\"1024\" height=\"724\" src=\"https:\/\/centrebertrandgruss.com\/WordPress4\/wp-content\/uploads\/2022\/06\/masterclass01.jpg\" class=\"rt-img-responsive \" alt=\"\" \/><\/a><\/div><div class='rt-detail'><h4 class=\"entry-title\"><a data-id=\"1995\" class=\"\" href=\"https:\/\/centrebertrandgruss.com\/WordPress4\/?p=1995\">MASTERCLASS  Th\u00e9\u00e2tre Chant Dance<\/a><\/h4><\/div><\/div><\/div><div class=\"rt-col-md-4 rt-col-sm-6 rt-col-xs-12 even-grid-item rt-grid-item img_zoom_in\" data-id=\"1982\"><div class=\"rt-holder\"><div class=\"rt-img-holder\"><a data-id=\"1982\" class=\"\" href=\"https:\/\/centrebertrandgruss.com\/WordPress4\/?p=1982\"><img loading=\"lazy\" decoding=\"async\" width=\"1824\" height=\"2560\" src=\"https:\/\/centrebertrandgruss.com\/WordPress4\/wp-content\/uploads\/2021\/12\/Parents-d-ados-2022-pdf-scaled.jpg\" class=\"rt-img-responsive \" alt=\"thumbnail of Parents-d-ados-2022\" \/><\/a><\/div><div class='rt-detail'><h4 class=\"entry-title\"><a data-id=\"1982\" class=\"\" href=\"https:\/\/centrebertrandgruss.com\/WordPress4\/?p=1982\">&#8220;S&#8217;entendre pour mieux se comprendre&#8221;dans le cadre du REAAP en collaboration avec Caf de Paris<\/a><\/h4><\/div><\/div><\/div><div class=\"rt-col-md-4 rt-col-sm-6 rt-col-xs-12 even-grid-item rt-grid-item img_zoom_in\" data-id=\"1977\"><div class=\"rt-holder\"><div class=\"rt-img-holder\"><a data-id=\"1977\" class=\"\" href=\"https:\/\/centrebertrandgruss.com\/WordPress4\/?p=1977\"><img loading=\"lazy\" decoding=\"async\" width=\"800\" height=\"1131\" src=\"https:\/\/centrebertrandgruss.com\/WordPress4\/wp-content\/uploads\/2021\/08\/IMG-20210820-WA0020.jpg\" class=\"rt-img-responsive \" alt=\"\" \/><\/a><\/div><div class='rt-detail'><h4 class=\"entry-title\"><a data-id=\"1977\" class=\"\" href=\"https:\/\/centrebertrandgruss.com\/WordPress4\/?p=1977\">Bertrand GRuss International production pr\u00e9sente : Multi-Vers<\/a><\/h4><\/div><\/div><\/div><div class=\"rt-col-md-4 rt-col-sm-6 rt-col-xs-12 even-grid-item rt-grid-item img_zoom_in\" data-id=\"1972\"><div class=\"rt-holder\"><div class=\"rt-img-holder\"><a data-id=\"1972\" class=\"\" href=\"https:\/\/centrebertrandgruss.com\/WordPress4\/?p=1972\"><img loading=\"lazy\" decoding=\"async\" width=\"800\" height=\"1131\" src=\"https:\/\/centrebertrandgruss.com\/WordPress4\/wp-content\/uploads\/2021\/07\/Stage-enfants-513-ans0AThtre-Musique-Danse.jpg\" class=\"rt-img-responsive \" alt=\"\" \/><\/a><\/div><div class='rt-detail'><h4 class=\"entry-title\"><a data-id=\"1972\" class=\"\" href=\"https:\/\/centrebertrandgruss.com\/WordPress4\/?p=1972\">Stage enfants 5\/13 ans Th\u00e9\u00e2tre Musique Danse<\/a><\/h4><\/div><\/div><\/div><div class=\"rt-col-md-4 rt-col-sm-6 rt-col-xs-12 even-grid-item rt-grid-item img_zoom_in\" data-id=\"1965\"><div class=\"rt-holder\"><div class=\"rt-img-holder\"><a data-id=\"1965\" class=\"\" href=\"https:\/\/centrebertrandgruss.com\/WordPress4\/?p=1965\"><img loading=\"lazy\" decoding=\"async\" width=\"800\" height=\"1131\" src=\"https:\/\/centrebertrandgruss.com\/WordPress4\/wp-content\/uploads\/2021\/07\/librarie.jpg\" class=\"rt-img-responsive \" alt=\"\" \/><\/a><\/div><div class='rt-detail'><h4 class=\"entry-title\"><a data-id=\"1965\" class=\"\" href=\"https:\/\/centrebertrandgruss.com\/WordPress4\/?p=1965\">&#8220;La librairie de l&#8217;\u00e2me&#8221;<\/a><\/h4><\/div><\/div><\/div><div class=\"rt-col-md-4 rt-col-sm-6 rt-col-xs-12 even-grid-item rt-grid-item img_zoom_in\" data-id=\"1960\"><div class=\"rt-holder\"><div class=\"rt-img-holder\"><a data-id=\"1960\" class=\"\" href=\"https:\/\/centrebertrandgruss.com\/WordPress4\/?p=1960\"><img loading=\"lazy\" decoding=\"async\" width=\"800\" height=\"1131\" src=\"https:\/\/centrebertrandgruss.com\/WordPress4\/wp-content\/uploads\/2021\/06\/concert-fin-annee.jpg\" class=\"rt-img-responsive \" alt=\"\" \/><\/a><\/div><div class='rt-detail'><h4 class=\"entry-title\"><a data-id=\"1960\" class=\"\" href=\"https:\/\/centrebertrandgruss.com\/WordPress4\/?p=1960\">Concert de fin d&#8217;ann\u00e9e &#8220;CON TE PARTIRO&#8217; &#8220;D\u00e9di\u00e9 aux p\u00e8resDimanche 20 Juin 2021 \u00e0 16h<\/a><\/h4><\/div><\/div><\/div><div class=\"rt-col-md-4 rt-col-sm-6 rt-col-xs-12 even-grid-item rt-grid-item img_zoom_in\" data-id=\"1926\"><div class=\"rt-holder\"><div class=\"rt-img-holder\"><a data-id=\"1926\" class=\"\" href=\"https:\/\/centrebertrandgruss.com\/WordPress4\/?p=1926\"><img loading=\"lazy\" decoding=\"async\" width=\"1058\" height=\"1497\" src=\"https:\/\/centrebertrandgruss.com\/WordPress4\/wp-content\/uploads\/2021\/03\/AtelierELOGE-1-pdf.jpg\" class=\"rt-img-responsive \" alt=\"thumbnail of AtelierELOGE\" \/><\/a><\/div><div class='rt-detail'><h4 class=\"entry-title\"><a data-id=\"1926\" class=\"\" href=\"https:\/\/centrebertrandgruss.com\/WordPress4\/?p=1926\">Atelier ELOGE DE LA D\u00c9TENTE<\/a><\/h4><\/div><\/div><\/div><div class=\"rt-col-md-4 rt-col-sm-6 rt-col-xs-12 even-grid-item rt-grid-item img_zoom_in\" data-id=\"1920\"><div class=\"rt-holder\"><div class=\"rt-img-holder\"><a data-id=\"1920\" class=\"\" href=\"https:\/\/centrebertrandgruss.com\/WordPress4\/?p=1920\"><img loading=\"lazy\" decoding=\"async\" width=\"140\" height=\"197\" src=\"https:\/\/centrebertrandgruss.com\/WordPress4\/wp-content\/uploads\/2021\/02\/PARENTS-DADOS-pdf.jpg\" class=\"rt-img-responsive \" alt=\"thumbnail of PARENTS D&#8217;ADOS\" \/><\/a><\/div><div class='rt-detail'><h4 class=\"entry-title\"><a data-id=\"1920\" class=\"\" href=\"https:\/\/centrebertrandgruss.com\/WordPress4\/?p=1920\">Atelier Parents et ados&#8221;S&#8217;entendre pour mieux se comprendre&#8221;en partenariat avec CAF INSCRIPTIONS OUVERTES<\/a><\/h4><\/div><\/div><\/div><div class=\"rt-col-md-4 rt-col-sm-6 rt-col-xs-12 even-grid-item rt-grid-item img_zoom_in\" data-id=\"1908\"><div class=\"rt-holder\"><div class=\"rt-img-holder\"><a data-id=\"1908\" class=\"\" href=\"https:\/\/centrebertrandgruss.com\/WordPress4\/?p=1908\"><img loading=\"lazy\" decoding=\"async\" width=\"1726\" height=\"1084\" src=\"https:\/\/centrebertrandgruss.com\/WordPress4\/wp-content\/uploads\/2020\/10\/STAGE-TOUSSAINT.jpg\" class=\"rt-img-responsive \" alt=\"\" \/><\/a><\/div><div class='rt-detail'><h4 class=\"entry-title\"><a data-id=\"1908\" class=\"\" href=\"https:\/\/centrebertrandgruss.com\/WordPress4\/?p=1908\">VACANCES TOUSSAINT-STAGE TH\u00c9\u00c2TRE ET MUSIQUE &#8211; Enfants 7-11 ans<\/a><\/h4><\/div><\/div><\/div><div class=\"rt-col-md-4 rt-col-sm-6 rt-col-xs-12 even-grid-item rt-grid-item img_zoom_in\" data-id=\"1900\"><div class=\"rt-holder\"><div class=\"rt-img-holder\"><a data-id=\"1900\" class=\"\" href=\"https:\/\/centrebertrandgruss.com\/WordPress4\/?p=1900\"><img loading=\"lazy\" decoding=\"async\" width=\"1836\" height=\"1040\" src=\"https:\/\/centrebertrandgruss.com\/WordPress4\/wp-content\/uploads\/2020\/10\/IMG-20200929-WA0014.jpg\" class=\"rt-img-responsive \" alt=\"\" \/><\/a><\/div><div class='rt-detail'><h4 class=\"entry-title\"><a data-id=\"1900\" class=\"\" href=\"https:\/\/centrebertrandgruss.com\/WordPress4\/?p=1900\">Bertrand GRuss International Academy &#8211; MASTERCLASS avec ANNA MARIA CHIURI 12-13 d\u00e9cembre 2020<\/a><\/h4><\/div><\/div><\/div><div class=\"rt-col-md-4 rt-col-sm-6 rt-col-xs-12 even-grid-item rt-grid-item img_zoom_in\" data-id=\"1897\"><div class=\"rt-holder\"><div class=\"rt-img-holder\"><a data-id=\"1897\" class=\"\" href=\"https:\/\/centrebertrandgruss.com\/WordPress4\/?p=1897\"><img loading=\"lazy\" decoding=\"async\" width=\"1252\" height=\"711\" src=\"https:\/\/centrebertrandgruss.com\/WordPress4\/wp-content\/uploads\/2020\/09\/recital1-2.jpg\" class=\"rt-img-responsive \" alt=\"\" \/><\/a><\/div><div class='rt-detail'><h4 class=\"entry-title\"><a data-id=\"1897\" class=\"\" href=\"https:\/\/centrebertrandgruss.com\/WordPress4\/?p=1897\">Cours THEATRE CHANT VOIX &#8220;Tenu par Diego Bragonzi Bignami&#8221;<\/a><\/h4><\/div><\/div><\/div><div class=\"rt-col-md-4 rt-col-sm-6 rt-col-xs-12 even-grid-item rt-grid-item img_zoom_in\" data-id=\"1893\"><div class=\"rt-holder\"><div class=\"rt-img-holder\"><a data-id=\"1893\" class=\"\" href=\"https:\/\/centrebertrandgruss.com\/WordPress4\/?p=1893\"><img loading=\"lazy\" decoding=\"async\" width=\"1122\" height=\"1713\" src=\"https:\/\/centrebertrandgruss.com\/WordPress4\/wp-content\/uploads\/2020\/09\/1.png\" class=\"rt-img-responsive \" alt=\"\" \/><\/a><\/div><div class='rt-detail'><h4 class=\"entry-title\"><a data-id=\"1893\" class=\"\" href=\"https:\/\/centrebertrandgruss.com\/WordPress4\/?p=1893\">En collaboration avec CAF de Paris &#8220;Atelier pour parents d&#8217;ados et leurs ados&#8221;<\/a><\/h4><\/div><\/div><\/div><div class=\"rt-col-md-4 rt-col-sm-6 rt-col-xs-12 even-grid-item rt-grid-item img_zoom_in\" data-id=\"1879\"><div class=\"rt-holder\"><div class=\"rt-img-holder\"><a data-id=\"1879\" class=\"\" href=\"https:\/\/centrebertrandgruss.com\/WordPress4\/?p=1879\"><img loading=\"lazy\" decoding=\"async\" width=\"1058\" height=\"655\" src=\"https:\/\/centrebertrandgruss.com\/WordPress4\/wp-content\/uploads\/2020\/09\/locandina-pdf.jpg\" class=\"rt-img-responsive \" alt=\"thumbnail of locandina\" \/><\/a><\/div><div class='rt-detail'><h4 class=\"entry-title\"><a data-id=\"1879\" class=\"\" href=\"https:\/\/centrebertrandgruss.com\/WordPress4\/?p=1879\">SILVIA BRAGONZI &#8220;Apprendre \u00e0 se raconter&#8221; Bertrand GRuss International Academy<\/a><\/h4><\/div><\/div><\/div><div class=\"rt-col-md-4 rt-col-sm-6 rt-col-xs-12 even-grid-item rt-grid-item img_zoom_in\" data-id=\"1875\"><div class=\"rt-holder\"><div class=\"rt-img-holder\"><a data-id=\"1875\" class=\"\" href=\"https:\/\/centrebertrandgruss.com\/WordPress4\/?p=1875\"><img loading=\"lazy\" decoding=\"async\" width=\"1080\" height=\"1526\" src=\"https:\/\/centrebertrandgruss.com\/WordPress4\/wp-content\/uploads\/2020\/09\/evento-pandino-12-sett.jpg\" class=\"rt-img-responsive \" alt=\"\" \/><\/a><\/div><div class='rt-detail'><h4 class=\"entry-title\"><a data-id=\"1875\" class=\"\" href=\"https:\/\/centrebertrandgruss.com\/WordPress4\/?p=1875\">DIEGO BRAGONZI BIGNAMI &#8211; Grammy Awards 2007 RECITAL<\/a><\/h4><\/div><\/div><\/div><div class=\"rt-col-md-4 rt-col-sm-6 rt-col-xs-12 even-grid-item rt-grid-item img_zoom_in\" data-id=\"1870\"><div class=\"rt-holder\"><div class=\"rt-img-holder\"><a data-id=\"1870\" class=\"\" href=\"https:\/\/centrebertrandgruss.com\/WordPress4\/?p=1870\"><img loading=\"lazy\" decoding=\"async\" width=\"1058\" height=\"1497\" src=\"https:\/\/centrebertrandgruss.com\/WordPress4\/wp-content\/uploads\/2020\/01\/SENTENDRE-POUR-MIEUX-SE-COMPRENDRE-2020-pdf.jpg\" class=\"rt-img-responsive \" alt=\"thumbnail of S&#8217;ENTENDRE POUR MIEUX SE COMPRENDRE 2020\" \/><\/a><\/div><div class='rt-detail'><h4 class=\"entry-title\"><a data-id=\"1870\" class=\"\" href=\"https:\/\/centrebertrandgruss.com\/WordPress4\/?p=1870\">&#8220;S&#8217;entendre pour mieux se comprendre&#8221; ATELIER en collaboration avec CAF de Paris pour les parents d&#8217;ados<\/a><\/h4><\/div><\/div><\/div><div class=\"rt-col-md-4 rt-col-sm-6 rt-col-xs-12 even-grid-item rt-grid-item img_zoom_in\" data-id=\"1839\"><div class=\"rt-holder\"><div class=\"rt-img-holder\"><a data-id=\"1839\" class=\"\" href=\"https:\/\/centrebertrandgruss.com\/WordPress4\/?p=1839\"><img loading=\"lazy\" decoding=\"async\" width=\"1058\" height=\"1497\" src=\"https:\/\/centrebertrandgruss.com\/WordPress4\/wp-content\/uploads\/2019\/10\/FLYER-VERSO-pdf.jpg\" class=\"rt-img-responsive \" alt=\"thumbnail of FLYER VERSO\" \/><\/a><\/div><div class='rt-detail'><h4 class=\"entry-title\"><a data-id=\"1839\" class=\"\" href=\"https:\/\/centrebertrandgruss.com\/WordPress4\/?p=1839\">Cours de PIANO e CHANT<\/a><\/h4><\/div><\/div><\/div><div class=\"rt-col-md-4 rt-col-sm-6 rt-col-xs-12 even-grid-item rt-grid-item img_zoom_in\" data-id=\"1835\"><div class=\"rt-holder\"><div class=\"rt-img-holder\"><a data-id=\"1835\" class=\"\" href=\"https:\/\/centrebertrandgruss.com\/WordPress4\/?p=1835\"><img loading=\"lazy\" decoding=\"async\" width=\"1058\" height=\"1497\" src=\"https:\/\/centrebertrandgruss.com\/WordPress4\/wp-content\/uploads\/2019\/10\/flyer-RECTO-pdf.jpg\" class=\"rt-img-responsive \" alt=\"thumbnail of flyer RECTO\" \/><\/a><\/div><div class='rt-detail'><h4 class=\"entry-title\"><a data-id=\"1835\" class=\"\" href=\"https:\/\/centrebertrandgruss.com\/WordPress4\/?p=1835\">Ouverture Inscriptions cours de PIANO e CHANT<\/a><\/h4><\/div><\/div><\/div><div class=\"rt-col-md-4 rt-col-sm-6 rt-col-xs-12 even-grid-item rt-grid-item img_zoom_in\" data-id=\"1787\"><div class=\"rt-holder\"><div class=\"rt-img-holder\"><a data-id=\"1787\" class=\"\" href=\"https:\/\/centrebertrandgruss.com\/WordPress4\/?p=1787\"><img loading=\"lazy\" decoding=\"async\" width=\"1058\" height=\"1497\" src=\"https:\/\/centrebertrandgruss.com\/WordPress4\/wp-content\/uploads\/2019\/10\/Psychodrame-comdie-parents-ados2019-pdf.jpg\" class=\"rt-img-responsive \" alt=\"thumbnail of Psychodrame com?die parents ados2019\" \/><\/a><\/div><div class='rt-detail'><h4 class=\"entry-title\"><a data-id=\"1787\" class=\"\" href=\"https:\/\/centrebertrandgruss.com\/WordPress4\/?p=1787\">Atelier Psychodrame-com\u00e9die: S&#8217;entendre pour mieux se comprendre&#8221; en collabortion avec CAF de Paris et Espace Parents<\/a><\/h4><\/div><\/div><\/div><div class=\"rt-col-md-4 rt-col-sm-6 rt-col-xs-12 even-grid-item rt-grid-item img_zoom_in\" data-id=\"1778\"><div class=\"rt-holder\"><div class=\"rt-img-holder\"><a data-id=\"1778\" class=\"\" href=\"https:\/\/centrebertrandgruss.com\/WordPress4\/?p=1778\"><img loading=\"lazy\" decoding=\"async\" width=\"791\" height=\"960\" src=\"https:\/\/centrebertrandgruss.com\/WordPress4\/wp-content\/uploads\/2019\/09\/femmes-affiche.jpg\" class=\"rt-img-responsive \" alt=\"\" \/><\/a><\/div><div class='rt-detail'><h4 class=\"entry-title\"><a data-id=\"1778\" class=\"\" href=\"https:\/\/centrebertrandgruss.com\/WordPress4\/?p=1778\">FEMMES de Silvia Bragonzi avec Lucia Vasini , Diego Bragonzi Bignami et Sacha Boutros . 22 Septembre 19h THEATRE DE LA TOUR EIFFEL. R\u00e9colte dons pour cr\u00e9ation bourses \u00e9tudes \u00e0 jeunes femmes talentueuses.<\/a><\/h4><\/div><\/div><\/div><div class=\"rt-col-md-4 rt-col-sm-6 rt-col-xs-12 even-grid-item rt-grid-item img_zoom_in\" data-id=\"1681\"><div class=\"rt-holder\"><div class=\"rt-img-holder\"><a data-id=\"1681\" class=\"\" href=\"https:\/\/centrebertrandgruss.com\/WordPress4\/?p=1681\"><img loading=\"lazy\" decoding=\"async\" width=\"800\" height=\"1120\" src=\"https:\/\/centrebertrandgruss.com\/WordPress4\/wp-content\/uploads\/2018\/04\/La-tosca-di-Tosca-20190707.jpg\" class=\"rt-img-responsive \" alt=\"\" \/><\/a><\/div><div class='rt-detail'><h4 class=\"entry-title\"><a data-id=\"1681\" class=\"\" href=\"https:\/\/centrebertrandgruss.com\/WordPress4\/?p=1681\">La Tasca di Tosca &#8211; 29 Luglio 2019 Teglio Teatro Festival<\/a><\/h4><\/div><\/div><\/div><div class=\"rt-col-md-4 rt-col-sm-6 rt-col-xs-12 even-grid-item rt-grid-item img_zoom_in\" data-id=\"1114\"><div class=\"rt-holder\"><div class=\"rt-img-holder\"><a data-id=\"1114\" class=\"\" href=\"https:\/\/centrebertrandgruss.com\/WordPress4\/?p=1114\"><img loading=\"lazy\" decoding=\"async\" width=\"1058\" height=\"1497\" src=\"https:\/\/centrebertrandgruss.com\/WordPress4\/wp-content\/uploads\/2018\/11\/Affiche-A-LA-GARE-DE-LEST-1-decembre-pdf.jpg\" class=\"rt-img-responsive \" alt=\"thumbnail of Affiche A LA GARE DE L&#8217;EST 1 decembre\" \/><\/a><\/div><div class='rt-detail'><h4 class=\"entry-title\"><a data-id=\"1114\" class=\"\" href=\"https:\/\/centrebertrandgruss.com\/WordPress4\/?p=1114\">A LA GARE DE L&#8217;EST Th\u00e9\u00e2tre PIXEL Pais 1 D\u00e9cembre 2018<\/a><\/h4><\/div><\/div><\/div><div class=\"rt-col-md-4 rt-col-sm-6 rt-col-xs-12 even-grid-item rt-grid-item img_zoom_in\" data-id=\"1108\"><div class=\"rt-holder\"><div class=\"rt-img-holder\"><a data-id=\"1108\" class=\"\" href=\"https:\/\/centrebertrandgruss.com\/WordPress4\/?p=1108\"><img loading=\"lazy\" decoding=\"async\" width=\"1058\" height=\"1497\" src=\"https:\/\/centrebertrandgruss.com\/WordPress4\/wp-content\/uploads\/2018\/10\/Femmes-dOpra-et-Imagine-for-Margo-pdf.jpg\" class=\"rt-img-responsive \" alt=\"thumbnail of Femmes d&#8217;Op?ra et Imagine for Margo\" \/><\/a><\/div><div class='rt-detail'><h4 class=\"entry-title\"><a data-id=\"1108\" class=\"\" href=\"https:\/\/centrebertrandgruss.com\/WordPress4\/?p=1108\">FEMMES D&#8217;OPERA pour IMAGINE FOR MARGO<\/a><\/h4><\/div><\/div><\/div><div class=\"rt-col-md-4 rt-col-sm-6 rt-col-xs-12 even-grid-item rt-grid-item img_zoom_in\" data-id=\"1095\"><div class=\"rt-holder\"><div class=\"rt-img-holder\"><a data-id=\"1095\" class=\"\" href=\"https:\/\/centrebertrandgruss.com\/WordPress4\/?p=1095\"><img loading=\"lazy\" decoding=\"async\" width=\"1058\" height=\"1497\" src=\"https:\/\/centrebertrandgruss.com\/WordPress4\/wp-content\/uploads\/2018\/09\/il-teatro-delle-donne-pdf.jpg\" class=\"rt-img-responsive \" alt=\"thumbnail of il-teatro-delle-donne\" \/><\/a><\/div><div class='rt-detail'><h4 class=\"entry-title\"><a data-id=\"1095\" class=\"\" href=\"https:\/\/centrebertrandgruss.com\/WordPress4\/?p=1095\">IL TEATRO DELLE DONNE conduit par Lucia Vasini e Silvia Bragonzi<\/a><\/h4><\/div><\/div><\/div><div class=\"rt-col-md-4 rt-col-sm-6 rt-col-xs-12 even-grid-item rt-grid-item img_zoom_in\" data-id=\"1085\"><div class=\"rt-holder\"><div class=\"rt-img-holder\"><a data-id=\"1085\" class=\"\" href=\"https:\/\/centrebertrandgruss.com\/WordPress4\/?p=1085\"><img loading=\"lazy\" decoding=\"async\" width=\"1058\" height=\"1497\" src=\"https:\/\/centrebertrandgruss.com\/WordPress4\/wp-content\/uploads\/2018\/09\/FEMME-D-OPERA-affiche-pdf.jpg\" class=\"rt-img-responsive \" alt=\"thumbnail of FEMME D OPERA affiche\" \/><\/a><\/div><div class='rt-detail'><h4 class=\"entry-title\"><a data-id=\"1085\" class=\"\" href=\"https:\/\/centrebertrandgruss.com\/WordPress4\/?p=1085\">FEMMES D&#8217;OPERA au Th\u00e9\u00e2tre PIXEL de Paris dedi\u00e9 \u00e0 NARCISA BONATI<\/a><\/h4><\/div><\/div><\/div><div class=\"rt-col-md-4 rt-col-sm-6 rt-col-xs-12 even-grid-item rt-grid-item img_zoom_in\" data-id=\"1081\"><div class=\"rt-holder\"><div class=\"rt-img-holder\"><a data-id=\"1081\" class=\"\" href=\"https:\/\/centrebertrandgruss.com\/WordPress4\/?p=1081\"><img loading=\"lazy\" decoding=\"async\" width=\"1058\" height=\"1497\" src=\"https:\/\/centrebertrandgruss.com\/WordPress4\/wp-content\/uploads\/2018\/09\/atelier-con-caf-pdf.jpg\" class=\"rt-img-responsive \" alt=\"thumbnail of atelier con caf\" \/><\/a><\/div><div class='rt-detail'><h4 class=\"entry-title\"><a data-id=\"1081\" class=\"\" href=\"https:\/\/centrebertrandgruss.com\/WordPress4\/?p=1081\">Dans le cadre du REAAP dispositif de la CAF &#8220;Reseau d&#8217;ecoute et d&#8217;accompagnement \u00e0 la parentalit\u00e9&#8221;<\/a><\/h4><\/div><\/div><\/div><div class=\"rt-col-md-4 rt-col-sm-6 rt-col-xs-12 even-grid-item rt-grid-item img_zoom_in\" data-id=\"1076\"><div class=\"rt-holder\"><div class=\"rt-img-holder\"><a data-id=\"1076\" class=\"\" href=\"https:\/\/centrebertrandgruss.com\/WordPress4\/?p=1076\"><img loading=\"lazy\" decoding=\"async\" width=\"691\" height=\"960\" src=\"https:\/\/centrebertrandgruss.com\/WordPress4\/wp-content\/uploads\/2018\/09\/concerto-TEGLIO-2018-per-IDA.jpg\" class=\"rt-img-responsive \" alt=\"\" \/><\/a><\/div><div class='rt-detail'><h4 class=\"entry-title\"><a data-id=\"1076\" class=\"\" href=\"https:\/\/centrebertrandgruss.com\/WordPress4\/?p=1076\">Concerto a Teglio per IDA 2018<\/a><\/h4><\/div><\/div><\/div><div class=\"rt-col-md-4 rt-col-sm-6 rt-col-xs-12 even-grid-item rt-grid-item img_zoom_in\" data-id=\"1067\"><div class=\"rt-holder\"><div class=\"rt-img-holder\"><a data-id=\"1067\" class=\"\" href=\"https:\/\/centrebertrandgruss.com\/WordPress4\/?p=1067\"><img loading=\"lazy\" decoding=\"async\" width=\"1058\" height=\"1497\" src=\"https:\/\/centrebertrandgruss.com\/WordPress4\/wp-content\/uploads\/2018\/05\/PSYCHODRAME-COMEDIE-pdf.jpg\" class=\"rt-img-responsive \" alt=\"thumbnail of PSYCHODRAME COMEDIE\" \/><\/a><\/div><div class='rt-detail'><h4 class=\"entry-title\"><a data-id=\"1067\" class=\"\" href=\"https:\/\/centrebertrandgruss.com\/WordPress4\/?p=1067\">PSYCHODRAME COMEDIE<\/a><\/h4><\/div><\/div><\/div><div class=\"rt-col-md-4 rt-col-sm-6 rt-col-xs-12 even-grid-item rt-grid-item img_zoom_in\" data-id=\"1061\"><div class=\"rt-holder\"><div class=\"rt-img-holder\"><a data-id=\"1061\" class=\"\" href=\"https:\/\/centrebertrandgruss.com\/WordPress4\/?p=1061\"><img loading=\"lazy\" decoding=\"async\" width=\"1058\" height=\"1497\" src=\"https:\/\/centrebertrandgruss.com\/WordPress4\/wp-content\/uploads\/2018\/05\/SILVIA-BRAGONZI-FESTIVAL-DELLECCELLENZA-AL-FEMMINILE-pdf.jpg\" class=\"rt-img-responsive \" alt=\"thumbnail of SILVIA BRAGONZI FESTIVAL DELL&#8217;ECCELLENZA AL FEMMINILE\" \/><\/a><\/div><div class='rt-detail'><h4 class=\"entry-title\"><a data-id=\"1061\" class=\"\" href=\"https:\/\/centrebertrandgruss.com\/WordPress4\/?p=1061\">SILVIA BRAGONZI FESTIVAL DELL&#8217;ECCELLENZA AL FEMMINILE<\/a><\/h4><\/div><\/div><\/div><div class=\"rt-col-md-4 rt-col-sm-6 rt-col-xs-12 even-grid-item rt-grid-item img_zoom_in\" data-id=\"1055\"><div class=\"rt-holder\"><div class=\"rt-img-holder\"><a data-id=\"1055\" class=\"\" href=\"https:\/\/centrebertrandgruss.com\/WordPress4\/?p=1055\"><img loading=\"lazy\" decoding=\"async\" width=\"1058\" height=\"1497\" src=\"https:\/\/centrebertrandgruss.com\/WordPress4\/wp-content\/uploads\/2018\/04\/le-reve-2018-LOCANDINA-PDF-pdf.jpg\" class=\"rt-img-responsive \" alt=\"thumbnail of le reve 2018 LOCANDINA PDF\" \/><\/a><\/div><div class='rt-detail'><h4 class=\"entry-title\"><a data-id=\"1055\" class=\"\" href=\"https:\/\/centrebertrandgruss.com\/WordPress4\/?p=1055\">Reprise de &#8220;Le R\u00eave de Giacomo Giuseppe&#8221;  au Th\u00e9\u00e2tre Pixel -Paris 6 et 27 Mai 2018 16h<\/a><\/h4><\/div><\/div><\/div><div class=\"rt-col-md-4 rt-col-sm-6 rt-col-xs-12 even-grid-item rt-grid-item img_zoom_in\" data-id=\"984\"><div class=\"rt-holder\"><div class=\"rt-img-holder\"><a data-id=\"984\" class=\"\" href=\"https:\/\/centrebertrandgruss.com\/WordPress4\/?p=984\"><img loading=\"lazy\" decoding=\"async\" width=\"1058\" height=\"1512\" src=\"https:\/\/centrebertrandgruss.com\/WordPress4\/wp-content\/uploads\/2017\/11\/lireen1er-pdf.jpg\" class=\"rt-img-responsive \" alt=\"thumbnail of lireen1er\" \/><\/a><\/div><div class='rt-detail'><h4 class=\"entry-title\"><a data-id=\"984\" class=\"\" href=\"https:\/\/centrebertrandgruss.com\/WordPress4\/?p=984\">Lire en 1 er, PARIS Itin\u00e9raire musical et litt\u00e9reraire 8 Novembre 2017<\/a><\/h4><\/div><\/div><\/div><div class=\"rt-col-md-4 rt-col-sm-6 rt-col-xs-12 even-grid-item rt-grid-item img_zoom_in\" data-id=\"980\"><div class=\"rt-holder\"><div class=\"rt-img-holder\"><a data-id=\"980\" class=\"\" href=\"https:\/\/centrebertrandgruss.com\/WordPress4\/?p=980\"><img loading=\"lazy\" decoding=\"async\" width=\"960\" height=\"1280\" src=\"https:\/\/centrebertrandgruss.com\/WordPress4\/wp-content\/uploads\/2017\/11\/MOSTRA-pdf.jpg\" class=\"rt-img-responsive \" alt=\"thumbnail of MOSTRA\" \/><\/a><\/div><div class='rt-detail'><h4 class=\"entry-title\"><a data-id=\"980\" class=\"\" href=\"https:\/\/centrebertrandgruss.com\/WordPress4\/?p=980\">EXPOSITION\/MOSTRA\u201d : PEROU A PARIS 5 bis, Rue du Louvre 22\/30 Novembre<\/a><\/h4><\/div><\/div><\/div><div class=\"rt-col-md-4 rt-col-sm-6 rt-col-xs-12 even-grid-item rt-grid-item img_zoom_in\" data-id=\"976\"><div class=\"rt-holder\"><div class=\"rt-img-holder\"><a data-id=\"976\" class=\"\" href=\"https:\/\/centrebertrandgruss.com\/WordPress4\/?p=976\"><img loading=\"lazy\" decoding=\"async\" width=\"320\" height=\"453\" src=\"https:\/\/centrebertrandgruss.com\/WordPress4\/wp-content\/uploads\/2017\/11\/evento-femmes.jpg\" class=\"rt-img-responsive \" alt=\"\" \/><\/a><\/div><div class='rt-detail'><h4 class=\"entry-title\"><a data-id=\"976\" class=\"\" href=\"https:\/\/centrebertrandgruss.com\/WordPress4\/?p=976\">UNIVERSIT\u00c0 MILANO BICOCCA &#8220;FEMMES&#8221; Lezione Spettacolo   Marted\u00ec 14 Novembre 2017<\/a><\/h4><\/div><\/div><\/div><div class=\"rt-col-md-4 rt-col-sm-6 rt-col-xs-12 even-grid-item rt-grid-item img_zoom_in\" data-id=\"971\"><div class=\"rt-holder\"><div class=\"rt-img-holder\"><a data-id=\"971\" class=\"\" href=\"https:\/\/centrebertrandgruss.com\/WordPress4\/?p=971\"><img loading=\"lazy\" decoding=\"async\" width=\"1058\" height=\"1512\" src=\"https:\/\/centrebertrandgruss.com\/WordPress4\/wp-content\/uploads\/2017\/10\/Invitation-Lire-en-1er-11-octobre-2017-18h45-pdf.jpg\" class=\"rt-img-responsive \" alt=\"thumbnail of Invitation Lire en 1er -11 octobre 2017-18h45\" \/><\/a><\/div><div class='rt-detail'><h4 class=\"entry-title\"><a data-id=\"971\" class=\"\" href=\"https:\/\/centrebertrandgruss.com\/WordPress4\/?p=971\">Lire en 1er &#8220;Itin\u00e9raire litt\u00e9raire et musical&#8221; Mercredi 11 octobre 2017<\/a><\/h4><\/div><\/div><\/div><div class=\"rt-col-md-4 rt-col-sm-6 rt-col-xs-12 even-grid-item rt-grid-item img_zoom_in\" data-id=\"943\"><div class=\"rt-holder\"><div class=\"rt-img-holder\"><a data-id=\"943\" class=\"\" href=\"https:\/\/centrebertrandgruss.com\/WordPress4\/?p=943\"><img loading=\"lazy\" decoding=\"async\" width=\"960\" height=\"1280\" src=\"https:\/\/centrebertrandgruss.com\/WordPress4\/wp-content\/uploads\/2017\/09\/Atelier-parent-enfant-pdf.jpg\" class=\"rt-img-responsive \" alt=\"thumbnail of Atelier parent-enfant\" \/><\/a><\/div><div class='rt-detail'><h4 class=\"entry-title\"><a data-id=\"943\" class=\"\" href=\"https:\/\/centrebertrandgruss.com\/WordPress4\/?p=943\">ENFANTS Comdie-psychodrame en partenariat avec la mairie du 1er arr. et la CAF de Paris<\/a><\/h4><\/div><\/div><\/div><div class=\"rt-col-md-4 rt-col-sm-6 rt-col-xs-12 even-grid-item rt-grid-item img_zoom_in\" data-id=\"933\"><div class=\"rt-holder\"><div class=\"rt-img-holder\"><a data-id=\"933\" class=\"\" href=\"https:\/\/centrebertrandgruss.com\/WordPress4\/?p=933\"><img loading=\"lazy\" decoding=\"async\" width=\"1058\" height=\"1497\" src=\"https:\/\/centrebertrandgruss.com\/WordPress4\/wp-content\/uploads\/2017\/06\/Psychodrame-Comedy-OctobreDecembre-pdf.jpg\" class=\"rt-img-responsive \" alt=\"thumbnail of Psychodrame Comedy OctobreDecembre\" \/><\/a><\/div><div class='rt-detail'><h4 class=\"entry-title\"><a data-id=\"933\" class=\"\" href=\"https:\/\/centrebertrandgruss.com\/WordPress4\/?p=933\">PSYCHODRAME COMEDY Atelier gratuit pour familles<\/a><\/h4><\/div><\/div><\/div><div class=\"rt-col-md-4 rt-col-sm-6 rt-col-xs-12 even-grid-item rt-grid-item img_zoom_in\" data-id=\"927\"><div class=\"rt-holder\"><div class=\"rt-img-holder\"><a data-id=\"927\" class=\"\" href=\"https:\/\/centrebertrandgruss.com\/WordPress4\/?p=927\"><img loading=\"lazy\" decoding=\"async\" width=\"1058\" height=\"1497\" src=\"https:\/\/centrebertrandgruss.com\/WordPress4\/wp-content\/uploads\/2017\/05\/UNESCO-FESTIVAL-DIVERSITE-CULTURELLE-VENDREDI-19-MAI-12H-pdf.jpg\" class=\"rt-img-responsive \" alt=\"thumbnail of UNESCO FESTIVAL DIVERSITE CULTURELLE VENDREDI 19 MAI 12H\" \/><\/a><\/div><div class='rt-detail'><h4 class=\"entry-title\"><a data-id=\"927\" class=\"\" href=\"https:\/\/centrebertrandgruss.com\/WordPress4\/?p=927\">UNESCO FESTIVAL DIVERSITE CULTURELLE VENDREDI 19 MAI 12H<\/a><\/h4><\/div><\/div><\/div><div class=\"rt-col-md-4 rt-col-sm-6 rt-col-xs-12 even-grid-item rt-grid-item img_zoom_in\" data-id=\"915\"><div class=\"rt-holder\"><div class=\"rt-img-holder\"><a data-id=\"915\" class=\"\" href=\"https:\/\/centrebertrandgruss.com\/WordPress4\/?p=915\"><img loading=\"lazy\" decoding=\"async\" width=\"960\" height=\"1280\" src=\"https:\/\/centrebertrandgruss.com\/WordPress4\/wp-content\/uploads\/2017\/04\/Atelier-Psychodrame-Comedy-pdf.jpg\" class=\"rt-img-responsive \" alt=\"thumbnail of Atelier Psychodrame-Comedy\" \/><\/a><\/div><div class='rt-detail'><h4 class=\"entry-title\"><a data-id=\"915\" class=\"\" href=\"https:\/\/centrebertrandgruss.com\/WordPress4\/?p=915\">PSYCHODRAME COMEDY Atelier gratuit pour familles<\/a><\/h4><\/div><\/div><\/div><div class=\"rt-col-md-4 rt-col-sm-6 rt-col-xs-12 even-grid-item rt-grid-item img_zoom_in\" data-id=\"855\"><div class=\"rt-holder\"><div class=\"rt-img-holder\"><a data-id=\"855\" class=\"\" href=\"https:\/\/centrebertrandgruss.com\/WordPress4\/?p=855\"><img loading=\"lazy\" decoding=\"async\" width=\"1058\" height=\"1512\" src=\"https:\/\/centrebertrandgruss.com\/WordPress4\/wp-content\/uploads\/2017\/02\/lire-nuit-pdf.jpg\" class=\"rt-img-responsive \" alt=\"thumbnail of lire-nuit\" \/><\/a><\/div><div class='rt-detail'><h4 class=\"entry-title\"><a data-id=\"855\" class=\"\" href=\"https:\/\/centrebertrandgruss.com\/WordPress4\/?p=855\">PARIS 1er  21 F\u00e9vrier 2017 18.45   Lire en 1er Autour des MILLES ET UNE NUIT<\/a><\/h4><\/div><\/div><\/div><div class=\"rt-col-md-4 rt-col-sm-6 rt-col-xs-12 even-grid-item rt-grid-item img_zoom_in\" data-id=\"850\"><div class=\"rt-holder\"><div class=\"rt-img-holder\"><a data-id=\"850\" class=\"\" href=\"https:\/\/centrebertrandgruss.com\/WordPress4\/?p=850\"><img loading=\"lazy\" decoding=\"async\" width=\"1240\" height=\"1754\" src=\"https:\/\/centrebertrandgruss.com\/WordPress4\/wp-content\/uploads\/2017\/01\/I-sogni-di-GG-San-remo-locandina-pdf.jpg\" class=\"rt-img-responsive \" alt=\"thumbnail of I sogni di GG San remo locandina\" \/><\/a><\/div><div class='rt-detail'><h4 class=\"entry-title\"><a data-id=\"850\" class=\"\" href=\"https:\/\/centrebertrandgruss.com\/WordPress4\/?p=850\">TEATRO DELL&#8217;OPERA CASINO&#8217; DI SAN REMO e Bertrand GRuss Paris Rome Los Angeles presentano I sogni di Giacomo Giuseppe &#8211; 1 Febbraio 2017<\/a><\/h4><\/div><\/div><\/div><div class=\"rt-col-md-4 rt-col-sm-6 rt-col-xs-12 even-grid-item rt-grid-item img_zoom_in\" data-id=\"844\"><div class=\"rt-holder\"><div class=\"rt-img-holder\"><a data-id=\"844\" class=\"\" href=\"https:\/\/centrebertrandgruss.com\/WordPress4\/?p=844\"><img loading=\"lazy\" decoding=\"async\" width=\"1240\" height=\"1772\" src=\"https:\/\/centrebertrandgruss.com\/WordPress4\/wp-content\/uploads\/2017\/01\/Galette-des-rois-2017-invitation-pdf.jpg\" class=\"rt-img-responsive \" alt=\"thumbnail of Galette des rois 2017-invitation\" \/><\/a><\/div><div class='rt-detail'><h4 class=\"entry-title\"><a data-id=\"844\" class=\"\" href=\"https:\/\/centrebertrandgruss.com\/WordPress4\/?p=844\">LA COURONNE DES ROIS Mairie Paris 1er- Mardi 10 Janvier 2017<\/a><\/h4><\/div><\/div><\/div><div class=\"rt-col-md-4 rt-col-sm-6 rt-col-xs-12 even-grid-item rt-grid-item img_zoom_in\" data-id=\"772\"><div class=\"rt-holder\"><div class=\"rt-img-holder\"><a data-id=\"772\" class=\"\" href=\"https:\/\/centrebertrandgruss.com\/WordPress4\/?p=772\"><img loading=\"lazy\" decoding=\"async\" width=\"1240\" height=\"1754\" src=\"https:\/\/centrebertrandgruss.com\/WordPress4\/wp-content\/uploads\/2016\/12\/8-GENNAIO-pdf.jpg\" class=\"rt-img-responsive \" alt=\"thumbnail of 8 GENNAIO\" \/><\/a><\/div><div class='rt-detail'><h4 class=\"entry-title\"><a data-id=\"772\" class=\"\" href=\"https:\/\/centrebertrandgruss.com\/WordPress4\/?p=772\">SAN REMO 8 GENNAIO LA VOCE DELL&#8217;EMOZIONE-L&#8217;ARTE DELLA SCENA<\/a><\/h4><\/div><\/div><\/div><div class=\"rt-col-md-4 rt-col-sm-6 rt-col-xs-12 even-grid-item rt-grid-item img_zoom_in\" data-id=\"767\"><div class=\"rt-holder\"><div class=\"rt-img-holder\"><a data-id=\"767\" class=\"\" href=\"https:\/\/centrebertrandgruss.com\/WordPress4\/?p=767\"><img loading=\"lazy\" decoding=\"async\" width=\"1125\" height=\"1500\" src=\"https:\/\/centrebertrandgruss.com\/WordPress4\/wp-content\/uploads\/2016\/12\/Autour-de-F.-Mitterrand-invitation-pdf.jpg\" class=\"rt-img-responsive \" alt=\"thumbnail of autour-de-f-mitterrand-invitation\" \/><\/a><\/div><div class='rt-detail'><h4 class=\"entry-title\"><a data-id=\"767\" class=\"\" href=\"https:\/\/centrebertrandgruss.com\/WordPress4\/?p=767\">&#8220;Lire en 1er un itin\u00e9raire litt\u00e9raire et musical&#8221; Autour du centenaire de la naissance de Fran\u00e7ois Mitterrand    Paris 1er Arrondissement MARDI 13 DECEMBRE 2016 \u00e0 18.45<\/a><\/h4><\/div><\/div><\/div><div class=\"rt-col-md-4 rt-col-sm-6 rt-col-xs-12 even-grid-item rt-grid-item img_zoom_in\" data-id=\"762\"><div class=\"rt-holder\"><div class=\"rt-img-holder\"><a data-id=\"762\" class=\"\" href=\"https:\/\/centrebertrandgruss.com\/WordPress4\/?p=762\"><img loading=\"lazy\" decoding=\"async\" width=\"1240\" height=\"2405\" src=\"https:\/\/centrebertrandgruss.com\/WordPress4\/wp-content\/uploads\/2016\/11\/Paris-engage-pdf.jpg\" class=\"rt-img-responsive \" alt=\"thumbnail of paris-engage\" \/><\/a><\/div><div class='rt-detail'><h4 class=\"entry-title\"><a data-id=\"762\" class=\"\" href=\"https:\/\/centrebertrandgruss.com\/WordPress4\/?p=762\">H\u00f4tel de Ville Paris  Diego Bragonzi Bignami chante pour &#8220;Paris je m&#8217;engage&#8221; 1 D\u00e9cembre 2016<\/a><\/h4><\/div><\/div><\/div><div class=\"rt-col-md-4 rt-col-sm-6 rt-col-xs-12 even-grid-item rt-grid-item img_zoom_in\" data-id=\"758\"><div class=\"rt-holder\"><div class=\"rt-img-holder\"><a data-id=\"758\" class=\"\" href=\"https:\/\/centrebertrandgruss.com\/WordPress4\/?p=758\"><img loading=\"lazy\" decoding=\"async\" width=\"320\" height=\"480\" src=\"https:\/\/centrebertrandgruss.com\/WordPress4\/wp-content\/uploads\/2016\/11\/2-DCcembre-21h-Bertrand-GRuss-Duo-Lyrics-cover-.jpg\" class=\"rt-img-responsive \" alt=\"\" \/><\/a><\/div><div class='rt-detail'><h4 class=\"entry-title\"><a data-id=\"758\" class=\"\" href=\"https:\/\/centrebertrandgruss.com\/WordPress4\/?p=758\">2 D\u00e9cembre 21h Bertrand GRuss Duo Lyrics cover<\/a><\/h4><\/div><\/div><\/div><div class=\"rt-col-md-4 rt-col-sm-6 rt-col-xs-12 even-grid-item rt-grid-item img_zoom_in\" data-id=\"753\"><div class=\"rt-holder\"><div class=\"rt-img-holder\"><a data-id=\"753\" class=\"\" href=\"https:\/\/centrebertrandgruss.com\/WordPress4\/?p=753\"><img loading=\"lazy\" decoding=\"async\" width=\"1125\" height=\"1500\" src=\"https:\/\/centrebertrandgruss.com\/WordPress4\/wp-content\/uploads\/2016\/11\/invitation-lire-en-1er-8-novembre-2016-pdf.jpg\" class=\"rt-img-responsive \" alt=\"thumbnail of invitation-lire-en-1er-8-novembre-2016\" \/><\/a><\/div><div class='rt-detail'><h4 class=\"entry-title\"><a data-id=\"753\" class=\"\" href=\"https:\/\/centrebertrandgruss.com\/WordPress4\/?p=753\">Mairie du 1er Arrondissement MDA1 et Bertrand GRuss pr\u00e9sentent &#8220;Lire en Premier&#8221; d\u00e9di\u00e9 \u00e0 la po\u00e9tesse Louise Michel  MARDI 8 NOVEMBRE 2016 19h<\/a><\/h4><\/div><\/div><\/div><div class=\"rt-col-md-4 rt-col-sm-6 rt-col-xs-12 even-grid-item rt-grid-item img_zoom_in\" data-id=\"732\"><div class=\"rt-holder\"><div class=\"rt-img-holder\"><a data-id=\"732\" class=\"\" href=\"https:\/\/centrebertrandgruss.com\/WordPress4\/?p=732\"><img loading=\"lazy\" decoding=\"async\" width=\"753\" height=\"1004\" src=\"https:\/\/centrebertrandgruss.com\/WordPress4\/wp-content\/uploads\/2016\/09\/atelier-Piano-Comedie-pdf.jpg\" class=\"rt-img-responsive \" alt=\"thumbnail of atelier Piano Comedie\" \/><\/a><\/div><div class='rt-detail'><h4 class=\"entry-title\"><a data-id=\"732\" class=\"\" href=\"https:\/\/centrebertrandgruss.com\/WordPress4\/?p=732\">&#8220;Piano Com\u00e9die&#8221; Atelier de musique et th\u00e9\u00e2tre dimanche 2 octobre 2016 de 10h \u00e0 13h<\/a><\/h4><\/div><\/div><\/div><div class=\"rt-col-md-4 rt-col-sm-6 rt-col-xs-12 even-grid-item rt-grid-item img_zoom_in\" data-id=\"726\"><div class=\"rt-holder\"><div class=\"rt-img-holder\"><a data-id=\"726\" class=\"\" href=\"https:\/\/centrebertrandgruss.com\/WordPress4\/?p=726\"><img loading=\"lazy\" decoding=\"async\" width=\"1240\" height=\"1754\" src=\"https:\/\/centrebertrandgruss.com\/WordPress4\/wp-content\/uploads\/2016\/05\/STAGE-THEATRE-ET-MUSIQUE-ENFANTS-JUILLET-pdf.jpg\" class=\"rt-img-responsive \" alt=\"thumbnail of STAGE THEATRE ET MUSIQUE ENFANTS JUILLET\" \/><\/a><\/div><div class='rt-detail'><h4 class=\"entry-title\"><a data-id=\"726\" class=\"\" href=\"https:\/\/centrebertrandgruss.com\/WordPress4\/?p=726\">STAGE ENFANTS DU 6 AU 9 JUILLET: THEATRE ET MUSIQUE<\/a><\/h4><\/div><\/div><\/div><div class=\"rt-col-md-4 rt-col-sm-6 rt-col-xs-12 even-grid-item rt-grid-item img_zoom_in\" data-id=\"717\"><div class=\"rt-holder\"><div class=\"rt-img-holder\"><a data-id=\"717\" class=\"\" href=\"https:\/\/centrebertrandgruss.com\/WordPress4\/?p=717\"><img loading=\"lazy\" decoding=\"async\" width=\"1753\" height=\"2480\" src=\"https:\/\/centrebertrandgruss.com\/WordPress4\/wp-content\/uploads\/2016\/05\/concert_caritatif-pdf.jpg\" class=\"rt-img-responsive \" alt=\"thumbnail of concert_caritatif\" \/><\/a><\/div><div class='rt-detail'><h4 class=\"entry-title\"><a data-id=\"717\" class=\"\" href=\"https:\/\/centrebertrandgruss.com\/WordPress4\/?p=717\">GIACOMO GIUSEPPE chante pour  LES ENFANTS DE AUTISME 75 &#8211; Ven 27 MAI 19.30<\/a><\/h4><\/div><\/div><\/div><div class=\"rt-col-md-4 rt-col-sm-6 rt-col-xs-12 even-grid-item rt-grid-item img_zoom_in\" data-id=\"705\"><div class=\"rt-holder\"><div class=\"rt-img-holder\"><a data-id=\"705\" class=\"\" href=\"https:\/\/centrebertrandgruss.com\/WordPress4\/?p=705\"><img loading=\"lazy\" decoding=\"async\" width=\"1240\" height=\"1754\" src=\"https:\/\/centrebertrandgruss.com\/WordPress4\/wp-content\/uploads\/2016\/05\/VOIX-EMOTION-15-MAI-pdf.jpg\" class=\"rt-img-responsive \" alt=\"thumbnail of VOIX EMOTION 15 MAI\" \/><\/a><\/div><div class='rt-detail'><h4 class=\"entry-title\"><a data-id=\"705\" class=\"\" href=\"https:\/\/centrebertrandgruss.com\/WordPress4\/?p=705\">VOIX DE L&#8217;EMOTION 15 Mai<\/a><\/h4><\/div><\/div><\/div><div class=\"rt-col-md-4 rt-col-sm-6 rt-col-xs-12 even-grid-item rt-grid-item img_zoom_in\" data-id=\"702\"><div class=\"rt-holder\"><div class=\"rt-img-holder\"><a data-id=\"702\" class=\"\" href=\"https:\/\/centrebertrandgruss.com\/WordPress4\/?p=702\"><img loading=\"lazy\" decoding=\"async\" width=\"1240\" height=\"1754\" src=\"https:\/\/centrebertrandgruss.com\/WordPress4\/wp-content\/uploads\/2016\/05\/UNESCO-MAIRIE-1ER-pdf.jpg\" class=\"rt-img-responsive \" alt=\"thumbnail of UNESCO MAIRIE 1ER\" \/><\/a><\/div><div class='rt-detail'><h4 class=\"entry-title\"><a data-id=\"702\" class=\"\" href=\"https:\/\/centrebertrandgruss.com\/WordPress4\/?p=702\">Festival diversit\u00e9 culturelle sous le patronage de la Commission nationale fran\u00e7aise pour l&#8217;UNESCO- Le Mexique \u00e0 Paris<\/a><\/h4><\/div><\/div><\/div><div class=\"rt-col-md-4 rt-col-sm-6 rt-col-xs-12 even-grid-item rt-grid-item img_zoom_in\" data-id=\"678\"><div class=\"rt-holder\"><div class=\"rt-img-holder\"><a data-id=\"678\" class=\"\" href=\"https:\/\/centrebertrandgruss.com\/WordPress4\/?p=678\"><img loading=\"lazy\" decoding=\"async\" width=\"1240\" height=\"1754\" src=\"https:\/\/centrebertrandgruss.com\/WordPress4\/wp-content\/uploads\/2016\/03\/LA-VOIX-DE-LEMOTION-STAGE-10-AVRIL-2016-pdf.jpg\" class=\"rt-img-responsive \" alt=\"thumbnail of LA VOIX DE L&#8217;EMOTION-STAGE 10 AVRIL 2016\" \/><\/a><\/div><div class='rt-detail'><h4 class=\"entry-title\"><a data-id=\"678\" class=\"\" href=\"https:\/\/centrebertrandgruss.com\/WordPress4\/?p=678\">LA VOIX DE L&#8217;EMOTION-STAGE 10 AVRIL 2016<\/a><\/h4><\/div><\/div><\/div><div class=\"rt-col-md-4 rt-col-sm-6 rt-col-xs-12 even-grid-item rt-grid-item img_zoom_in\" data-id=\"670\"><div class=\"rt-holder\"><div class=\"rt-img-holder\"><a data-id=\"670\" class=\"\" href=\"https:\/\/centrebertrandgruss.com\/WordPress4\/?p=670\"><img loading=\"lazy\" decoding=\"async\" width=\"1060\" height=\"1497\" src=\"https:\/\/centrebertrandgruss.com\/WordPress4\/wp-content\/uploads\/2016\/03\/Teatro-Incontro-pdf-1.jpg\" class=\"rt-img-responsive \" alt=\"\" \/><\/a><\/div><div class='rt-detail'><h4 class=\"entry-title\"><a data-id=\"670\" class=\"\" href=\"https:\/\/centrebertrandgruss.com\/WordPress4\/?p=670\">Progetto Teatro Incontro (16 Mar 2016)<\/a><\/h4><\/div><\/div><\/div><div class=\"rt-col-md-4 rt-col-sm-6 rt-col-xs-12 even-grid-item rt-grid-item img_zoom_in\" data-id=\"414\"><div class=\"rt-holder\"><div class=\"rt-img-holder\"><a data-id=\"414\" class=\"\" href=\"https:\/\/centrebertrandgruss.com\/WordPress4\/?p=414\"><img loading=\"lazy\" decoding=\"async\" width=\"1058\" height=\"1497\" src=\"https:\/\/centrebertrandgruss.com\/WordPress4\/wp-content\/uploads\/2016\/03\/DALLA-QUINTA-3-pdf-1.jpg\" class=\"rt-img-responsive \" alt=\"\" \/><\/a><\/div><div class='rt-detail'><h4 class=\"entry-title\"><a data-id=\"414\" class=\"\" href=\"https:\/\/centrebertrandgruss.com\/WordPress4\/?p=414\">DALLA QUINTA AL PALCOSCENICO (16 Mar 2016)<\/a><\/h4><\/div><\/div><\/div><div class=\"rt-col-md-4 rt-col-sm-6 rt-col-xs-12 even-grid-item rt-grid-item img_zoom_in\" data-id=\"404\"><div class=\"rt-holder\"><div class=\"rt-img-holder\"><a data-id=\"404\" class=\"\" href=\"https:\/\/centrebertrandgruss.com\/WordPress4\/?p=404\"><img loading=\"lazy\" decoding=\"async\" width=\"1766\" height=\"2492\" src=\"https:\/\/centrebertrandgruss.com\/WordPress4\/wp-content\/uploads\/2016\/03\/TI-AMO-MA-VADO-A-VIVERE-CON-UN-ALTRO-1Aprile2016-pdf.jpg\" class=\"rt-img-responsive \" alt=\"thumbnail of TI AMO MA VADO A VIVERE CON UN ALTRO 1Aprile2016\" \/><\/a><\/div><div class='rt-detail'><h4 class=\"entry-title\"><a data-id=\"404\" class=\"\" href=\"https:\/\/centrebertrandgruss.com\/WordPress4\/?p=404\">TI AMO MA VADO A VIVERE CON UN ALTRO (1 Apr 2016)<\/a><\/h4><\/div><\/div><\/div><div class=\"rt-col-md-4 rt-col-sm-6 rt-col-xs-12 even-grid-item rt-grid-item img_zoom_in\" data-id=\"400\"><div class=\"rt-holder\"><div class=\"rt-img-holder\"><a data-id=\"400\" class=\"\" href=\"https:\/\/centrebertrandgruss.com\/WordPress4\/?p=400\"><img loading=\"lazy\" decoding=\"async\" width=\"1240\" height=\"1754\" src=\"https:\/\/centrebertrandgruss.com\/WordPress4\/wp-content\/uploads\/2016\/03\/LE-CIRQUE-LIYQUE-17apr2016-pdf.jpg\" class=\"rt-img-responsive \" alt=\"thumbnail of LE CIRQUE LIYQUE 17apr2016\" \/><\/a><\/div><div class='rt-detail'><h4 class=\"entry-title\"><a data-id=\"400\" class=\"\" href=\"https:\/\/centrebertrandgruss.com\/WordPress4\/?p=400\">Le Reve de Giacomo Giuseppe (17 Apr 2016)<\/a><\/h4><\/div><\/div><\/div><div class=\"rt-col-md-4 rt-col-sm-6 rt-col-xs-12 even-grid-item rt-grid-item img_zoom_in\" data-id=\"394\"><div class=\"rt-holder\"><div class=\"rt-img-holder\"><a data-id=\"394\" class=\"\" href=\"https:\/\/centrebertrandgruss.com\/WordPress4\/?p=394\"><img loading=\"lazy\" decoding=\"async\" width=\"1497\" height=\"2117\" src=\"https:\/\/centrebertrandgruss.com\/WordPress4\/wp-content\/uploads\/2016\/03\/LE-REVE-ET-MANJULA-pdf-1.jpg\" class=\"rt-img-responsive \" alt=\"\" \/><\/a><\/div><div class='rt-detail'><h4 class=\"entry-title\"><a data-id=\"394\" class=\"\" href=\"https:\/\/centrebertrandgruss.com\/WordPress4\/?p=394\">Le Reve de Giacomo Giuseppe<\/a><\/h4><\/div><\/div><\/div><div class=\"rt-col-md-4 rt-col-sm-6 rt-col-xs-12 even-grid-item rt-grid-item img_zoom_in\" data-id=\"390\"><div class=\"rt-holder\"><div class=\"rt-img-holder\"><a data-id=\"390\" class=\"\" href=\"https:\/\/centrebertrandgruss.com\/WordPress4\/?p=390\"><img loading=\"lazy\" decoding=\"async\" width=\"1227\" height=\"1707\" src=\"https:\/\/centrebertrandgruss.com\/WordPress4\/wp-content\/uploads\/2016\/03\/anima-immagine-mito-pdf-1.jpg\" class=\"rt-img-responsive \" alt=\"\" \/><\/a><\/div><div class='rt-detail'><h4 class=\"entry-title\"><a data-id=\"390\" class=\"\" href=\"https:\/\/centrebertrandgruss.com\/WordPress4\/?p=390\">Anima Immagine Mito<\/a><\/h4><\/div><\/div><\/div><div class=\"rt-col-md-4 rt-col-sm-6 rt-col-xs-12 even-grid-item rt-grid-item img_zoom_in\" data-id=\"386\"><div class=\"rt-holder\"><div class=\"rt-img-holder\"><a data-id=\"386\" class=\"\" href=\"https:\/\/centrebertrandgruss.com\/WordPress4\/?p=386\"><img loading=\"lazy\" decoding=\"async\" width=\"1497\" height=\"2117\" src=\"https:\/\/centrebertrandgruss.com\/WordPress4\/wp-content\/uploads\/2016\/03\/Affiche-30-NOVEMBRE-Mat-Wal-pdf-1.jpg\" class=\"rt-img-responsive \" alt=\"\" \/><\/a><\/div><div class='rt-detail'><h4 class=\"entry-title\"><a data-id=\"386\" class=\"\" href=\"https:\/\/centrebertrandgruss.com\/WordPress4\/?p=386\">Le Reve de Giacomo Giuseppe<\/a><\/h4><\/div><\/div><\/div><div class=\"rt-col-md-4 rt-col-sm-6 rt-col-xs-12 even-grid-item rt-grid-item img_zoom_in\" data-id=\"382\"><div class=\"rt-holder\"><div class=\"rt-img-holder\"><a data-id=\"382\" class=\"\" href=\"https:\/\/centrebertrandgruss.com\/WordPress4\/?p=382\"><img loading=\"lazy\" decoding=\"async\" width=\"1497\" height=\"2117\" src=\"https:\/\/centrebertrandgruss.com\/WordPress4\/wp-content\/uploads\/2016\/03\/AFFICHE-25-JANVIERArgentin-pdf-1.jpg\" class=\"rt-img-responsive \" alt=\"\" \/><\/a><\/div><div class='rt-detail'><h4 class=\"entry-title\"><a data-id=\"382\" class=\"\" href=\"https:\/\/centrebertrandgruss.com\/WordPress4\/?p=382\">Le Reve de Giacomo Giuseppe<\/a><\/h4><\/div><\/div><\/div><div class=\"rt-col-md-4 rt-col-sm-6 rt-col-xs-12 even-grid-item rt-grid-item img_zoom_in\" data-id=\"378\"><div class=\"rt-holder\"><div class=\"rt-img-holder\"><a data-id=\"378\" class=\"\" href=\"https:\/\/centrebertrandgruss.com\/WordPress4\/?p=378\"><img loading=\"lazy\" decoding=\"async\" width=\"1193\" height=\"1707\" src=\"https:\/\/centrebertrandgruss.com\/WordPress4\/wp-content\/uploads\/2016\/03\/8marzo_festa_donna-pdf-1.jpg\" class=\"rt-img-responsive \" alt=\"\" \/><\/a><\/div><div class='rt-detail'><h4 class=\"entry-title\"><a data-id=\"378\" class=\"\" href=\"https:\/\/centrebertrandgruss.com\/WordPress4\/?p=378\">8 Marzo : Omaggio a Frida Khlo<\/a><\/h4><\/div><\/div><\/div><div class=\"rt-col-md-4 rt-col-sm-6 rt-col-xs-12 even-grid-item rt-grid-item img_zoom_in\" data-id=\"374\"><div class=\"rt-holder\"><div class=\"rt-img-holder\"><a data-id=\"374\" class=\"\" href=\"https:\/\/centrebertrandgruss.com\/WordPress4\/?p=374\"><img loading=\"lazy\" decoding=\"async\" width=\"1058\" height=\"1497\" src=\"https:\/\/centrebertrandgruss.com\/WordPress4\/wp-content\/uploads\/2016\/03\/VOYAGE-VERS-LENFER-pdf-1.jpg\" class=\"rt-img-responsive \" alt=\"\" \/><\/a><\/div><div class='rt-detail'><h4 class=\"entry-title\"><a data-id=\"374\" class=\"\" href=\"https:\/\/centrebertrandgruss.com\/WordPress4\/?p=374\">UN VOYAGE VERS L\u2019ORPHEE AUX ENFERS<\/a><\/h4><\/div><\/div><\/div><div class=\"rt-col-md-4 rt-col-sm-6 rt-col-xs-12 even-grid-item rt-grid-item img_zoom_in\" data-id=\"370\"><div class=\"rt-holder\"><div class=\"rt-img-holder\"><a data-id=\"370\" class=\"\" href=\"https:\/\/centrebertrandgruss.com\/WordPress4\/?p=370\"><img loading=\"lazy\" decoding=\"async\" width=\"1058\" height=\"1497\" src=\"https:\/\/centrebertrandgruss.com\/WordPress4\/wp-content\/uploads\/2016\/03\/potenza-della-lirica-pdf-1.jpg\" class=\"rt-img-responsive \" alt=\"\" \/><\/a><\/div><div class='rt-detail'><h4 class=\"entry-title\"><a data-id=\"370\" class=\"\" href=\"https:\/\/centrebertrandgruss.com\/WordPress4\/?p=370\">Potenza della Lirica<\/a><\/h4><\/div><\/div><\/div><div class=\"rt-col-md-4 rt-col-sm-6 rt-col-xs-12 even-grid-item rt-grid-item img_zoom_in\" data-id=\"366\"><div class=\"rt-holder\"><div class=\"rt-img-holder\"><a data-id=\"366\" class=\"\" href=\"https:\/\/centrebertrandgruss.com\/WordPress4\/?p=366\"><img loading=\"lazy\" decoding=\"async\" width=\"1058\" height=\"1497\" src=\"https:\/\/centrebertrandgruss.com\/WordPress4\/wp-content\/uploads\/2016\/03\/moise-en-musique-les-sons-de-la-liberte-pdf-1.jpg\" class=\"rt-img-responsive \" alt=\"\" \/><\/a><\/div><div class='rt-detail'><h4 class=\"entry-title\"><a data-id=\"366\" class=\"\" href=\"https:\/\/centrebertrandgruss.com\/WordPress4\/?p=366\">Moise en musuque les sons de la liberte&#8217;<\/a><\/h4><\/div><\/div><\/div><div class=\"rt-col-md-4 rt-col-sm-6 rt-col-xs-12 even-grid-item rt-grid-item img_zoom_in\" data-id=\"362\"><div class=\"rt-holder\"><div class=\"rt-img-holder\"><a data-id=\"362\" class=\"\" href=\"https:\/\/centrebertrandgruss.com\/WordPress4\/?p=362\"><img loading=\"lazy\" decoding=\"async\" width=\"1058\" height=\"1497\" src=\"https:\/\/centrebertrandgruss.com\/WordPress4\/wp-content\/uploads\/2016\/03\/cirque-liryque-pdf-1.jpg\" class=\"rt-img-responsive \" alt=\"\" \/><\/a><\/div><div class='rt-detail'><h4 class=\"entry-title\"><a data-id=\"362\" class=\"\" href=\"https:\/\/centrebertrandgruss.com\/WordPress4\/?p=362\">Le Cirque Liryque<\/a><\/h4><\/div><\/div><\/div><div class=\"rt-col-md-4 rt-col-sm-6 rt-col-xs-12 even-grid-item rt-grid-item img_zoom_in\" data-id=\"358\"><div class=\"rt-holder\"><div class=\"rt-img-holder\"><a data-id=\"358\" class=\"\" href=\"https:\/\/centrebertrandgruss.com\/WordPress4\/?p=358\"><img loading=\"lazy\" decoding=\"async\" width=\"1058\" height=\"1497\" src=\"https:\/\/centrebertrandgruss.com\/WordPress4\/wp-content\/uploads\/2016\/03\/le-donne-di-dante-pdf-45.jpg\" class=\"rt-img-responsive \" alt=\"thumbnail of le-donne-di-dante\" \/><\/a><\/div><div class='rt-detail'><h4 class=\"entry-title\"><a data-id=\"358\" class=\"\" href=\"https:\/\/centrebertrandgruss.com\/WordPress4\/?p=358\">Le Donne di Dante<\/a><\/h4><\/div><\/div><\/div><div class=\"rt-col-md-4 rt-col-sm-6 rt-col-xs-12 even-grid-item rt-grid-item img_zoom_in\" data-id=\"354\"><div class=\"rt-holder\"><div class=\"rt-img-holder\"><a data-id=\"354\" class=\"\" href=\"https:\/\/centrebertrandgruss.com\/WordPress4\/?p=354\"><img loading=\"lazy\" decoding=\"async\" width=\"1058\" height=\"1497\" src=\"https:\/\/centrebertrandgruss.com\/WordPress4\/wp-content\/uploads\/2016\/03\/Journe-Partimoine-pdf-1.jpg\" class=\"rt-img-responsive \" alt=\"\" \/><\/a><\/div><div class='rt-detail'><h4 class=\"entry-title\"><a data-id=\"354\" class=\"\" href=\"https:\/\/centrebertrandgruss.com\/WordPress4\/?p=354\">Le Reve de Giacomo Giuseppe<\/a><\/h4><\/div><\/div><\/div><div class=\"rt-col-md-4 rt-col-sm-6 rt-col-xs-12 even-grid-item rt-grid-item img_zoom_in\" data-id=\"350\"><div class=\"rt-holder\"><div class=\"rt-img-holder\"><a data-id=\"350\" class=\"\" href=\"https:\/\/centrebertrandgruss.com\/WordPress4\/?p=350\"><img loading=\"lazy\" decoding=\"async\" width=\"1058\" height=\"1497\" src=\"https:\/\/centrebertrandgruss.com\/WordPress4\/wp-content\/uploads\/2016\/03\/CONCERTO-PASQUA-pdf-1.jpg\" class=\"rt-img-responsive \" alt=\"\" \/><\/a><\/div><div class='rt-detail'><h4 class=\"entry-title\"><a data-id=\"350\" class=\"\" href=\"https:\/\/centrebertrandgruss.com\/WordPress4\/?p=350\">Concerto di Pasqua<\/a><\/h4><\/div><\/div><\/div><div class=\"rt-col-md-4 rt-col-sm-6 rt-col-xs-12 even-grid-item rt-grid-item img_zoom_in\" data-id=\"346\"><div class=\"rt-holder\"><div class=\"rt-img-holder\"><a data-id=\"346\" class=\"\" href=\"https:\/\/centrebertrandgruss.com\/WordPress4\/?p=346\"><img loading=\"lazy\" decoding=\"async\" width=\"1497\" height=\"2117\" src=\"https:\/\/centrebertrandgruss.com\/WordPress4\/wp-content\/uploads\/2016\/03\/Brunch-con-Frida-K-pdf-1.jpg\" class=\"rt-img-responsive \" alt=\"\" \/><\/a><\/div><div class='rt-detail'><h4 class=\"entry-title\"><a data-id=\"346\" class=\"\" href=\"https:\/\/centrebertrandgruss.com\/WordPress4\/?p=346\">Un BruncH con Frida Kahlo<\/a><\/h4><\/div><\/div><\/div><div class=\"rt-col-md-4 rt-col-sm-6 rt-col-xs-12 even-grid-item rt-grid-item img_zoom_in\" data-id=\"342\"><div class=\"rt-holder\"><div class=\"rt-img-holder\"><a data-id=\"342\" class=\"\" href=\"https:\/\/centrebertrandgruss.com\/WordPress4\/?p=342\"><img loading=\"lazy\" decoding=\"async\" width=\"1153\" height=\"841\" src=\"https:\/\/centrebertrandgruss.com\/WordPress4\/wp-content\/uploads\/2016\/03\/les-mercredix-de-lart-pdf-1.jpg\" class=\"rt-img-responsive \" alt=\"\" \/><\/a><\/div><div class='rt-detail'><h4 class=\"entry-title\"><a data-id=\"342\" class=\"\" href=\"https:\/\/centrebertrandgruss.com\/WordPress4\/?p=342\">Les MercrediX de l&#8217;Art<\/a><\/h4><\/div><\/div><\/div><div class=\"rt-col-md-4 rt-col-sm-6 rt-col-xs-12 even-grid-item rt-grid-item img_zoom_in\" data-id=\"338\"><div class=\"rt-holder\"><div class=\"rt-img-holder\"><a data-id=\"338\" class=\"\" href=\"https:\/\/centrebertrandgruss.com\/WordPress4\/?p=338\"><img loading=\"lazy\" decoding=\"async\" width=\"1088\" height=\"1408\" src=\"https:\/\/centrebertrandgruss.com\/WordPress4\/wp-content\/uploads\/2016\/03\/le-roi-ne-meurt-plus-pdf-1.jpg\" class=\"rt-img-responsive \" alt=\"\" \/><\/a><\/div><div class='rt-detail'><h4 class=\"entry-title\"><a data-id=\"338\" class=\"\" href=\"https:\/\/centrebertrandgruss.com\/WordPress4\/?p=338\">LE ROI NE MEURT PLUS<\/a><\/h4><\/div><\/div><\/div><\/div><\/div>\n<\/div>  \n<\/div>\n\n\n\n<div class=\"wp-block-columns is-layout-flex wp-container-core-columns-is-layout-9d6595d7 wp-block-columns-is-layout-flex\">\n<div class=\"wp-block-column is-layout-flow wp-block-column-is-layout-flow\" style=\"flex-basis:100%\">\n<div class=\"wp-block-columns is-layout-flex wp-container-core-columns-is-layout-9d6595d7 wp-block-columns-is-layout-flex\">\n<div class=\"wp-block-column is-layout-flow wp-block-column-is-layout-flow\">\n<div class=\"wp-block-columns is-layout-flex wp-container-core-columns-is-layout-9d6595d7 wp-block-columns-is-layout-flex\">\n<div class=\"wp-block-column is-layout-flow wp-block-column-is-layout-flow\" style=\"flex-basis:100%\"><\/div>\n<\/div>\n<\/div>\n<\/div>\n<\/div>\n<\/div>\n","protected":false},"excerpt":{"rendered":"","protected":false},"author":1,"featured_media":0,"parent":0,"menu_order":8,"comment_status":"closed","ping_status":"closed","template":"page-right-sidebar-modded.php","meta":{"footnotes":""},"class_list":["post-923","page","type-page","status-publish","hentry"],"rttpg_featured_image_url":null,"rttpg_author":{"display_name":"admin","author_link":"https:\/\/centrebertrandgruss.com\/WordPress4\/?author=1"},"rttpg_comment":0,"rttpg_category":"","rttpg_excerpt":null,"_links":{"self":[{"href":"https:\/\/centrebertrandgruss.com\/WordPress4\/index.php?rest_route=\/wp\/v2\/pages\/923","targetHints":{"allow":["GET"]}}],"collection":[{"href":"https:\/\/centrebertrandgruss.com\/WordPress4\/index.php?rest_route=\/wp\/v2\/pages"}],"about":[{"href":"https:\/\/centrebertrandgruss.com\/WordPress4\/index.php?rest_route=\/wp\/v2\/types\/page"}],"author":[{"embeddable":true,"href":"https:\/\/centrebertrandgruss.com\/WordPress4\/index.php?rest_route=\/wp\/v2\/users\/1"}],"replies":[{"embeddable":true,"href":"https:\/\/centrebertrandgruss.com\/WordPress4\/index.php?rest_route=%2Fwp%2Fv2%2Fcomments&post=923"}],"version-history":[{"count":18,"href":"https:\/\/centrebertrandgruss.com\/WordPress4\/index.php?rest_route=\/wp\/v2\/pages\/923\/revisions"}],"predecessor-version":[{"id":2164,"href":"https:\/\/centrebertrandgruss.com\/WordPress4\/index.php?rest_route=\/wp\/v2\/pages\/923\/revisions\/2164"}],"wp:attachment":[{"href":"https:\/\/centrebertrandgruss.com\/WordPress4\/index.php?rest_route=%2Fwp%2Fv2%2Fmedia&parent=923"}],"curies":[{"name":"wp","href":"https:\/\/api.w.org\/{rel}","templated":true}]}}